{"id":197,"date":"2016-05-04T07:14:09","date_gmt":"2016-05-04T07:14:09","guid":{"rendered":"http:\/\/grundschule-muehldorf.de\/?page_id=197"},"modified":"2026-01-20T07:11:20","modified_gmt":"2026-01-20T06:11:20","slug":"ganztagesklassen","status":"publish","type":"page","link":"http:\/\/grundschule-muehldorf.de\/?page_id=197","title":{"rendered":"Gebundene Ganztagesklassen"},"content":{"rendered":"\n<figure class=\"wp-block-image size-full\"><img loading=\"lazy\" decoding=\"async\" width=\"1000\" height=\"205\" src=\"http:\/\/grundschule-muehldorf.de\/wp-content\/uploads\/2022\/10\/IMG_2623.jpg\" alt=\"\" class=\"wp-image-6100\" srcset=\"http:\/\/grundschule-muehldorf.de\/wp-content\/uploads\/2022\/10\/IMG_2623.jpg 1000w, http:\/\/grundschule-muehldorf.de\/wp-content\/uploads\/2022\/10\/IMG_2623-300x62.jpg 300w, http:\/\/grundschule-muehldorf.de\/wp-content\/uploads\/2022\/10\/IMG_2623-768x157.jpg 768w\" sizes=\"auto, (max-width: 1000px) 100vw, 1000px\" \/><\/figure>\n\n\n\n<p><strong>Tolle und vielf\u00e4ltige Freizeitm\u00f6glichkeiten, gemeinsames Mittagessen, (fast) keine Hausaufgaben und jede Menge Zeit zum von- und miteinander Lernen.<\/strong><\/p>\n\n\n\n<p><strong>Das sind wir: Der gebundene Ganztag der Grundschule M\u00fchldorf.<\/strong><\/p>\n\n\n\n<p>Den gebundenen Ganztag gibt es an unserer Schule seit dem Schuljahr 2009\/2010, also seit nun mehr als 10 Jahren. Im Laufe der Jahre etablierte sich der gebundene Ganztag immer mehr und mittlerweile gibt es f\u00fcr jede Jahrgangsstufe eine Ganztagsklasse.<\/p>\n\n\n\n<p>F\u00fcr Grundschulen, aber auch f\u00fcr alle anderen Schularten ist <em>\u201ed<\/em><em>er fl\u00e4chendeckende und bedarfsgerechte Ausbau von Ganztagsangeboten [\u2026] ein vorrangiges Ziel der Bayerischen Staatsregierung und stellt einen wesentlichen Beitrag zur zukunftsorientierten Weiterentwicklung des bayerischen Bildungswesens dar. Er erm<\/em><em>\u00f6glicht nicht nur eine bessere Vereinbarkeit von Familie und Beruf f\u00fcr Eltern und Erziehungsberechtigte, sondern tr\u00e4gt auch zu mehr Chancengerechtigkeit und individueller F<\/em><em>\u00f6rderung f\u00fcr die Sch\u00fcler bei.<\/em>\u201c (Bayerisches Staatsministerium f\u00fcr Bildung und Kultus, Wissenschaft und Kunst)<\/p>\n\n\n\n<p class=\"has-white-color has-text-color has-background\" style=\"background-color:#3b8dbd\"><strong><u>Aber was bedeutet eigentlich \u201egebundener\u201c Ganztag?<\/u><\/strong><\/p>\n\n\n\n<p>Der gebundene Ganztag bietet im Vergleich zu anderen Betreuungsm\u00f6glichkeiten am Nachmittag ein verbindliches Programm f\u00fcr alle Kinder der Ganztagsklassen. Dieses Programm setzt sich zusammen aus den regul\u00e4ren F\u00e4chern, \u00dcbungszeit, gemeinsamem Mittagessen und M\u00f6glichkeiten der Freizeitgestaltung im Rahmen von Arbeitsgemeinschaften, gemeinsamen Ausfl\u00fcgen oder Unterrichtsg\u00e4ngen.<\/p>\n\n\n\n<p class=\"has-white-color has-text-color has-background\" style=\"background-color:#3b8dbd\"><strong><u>Was zeichnet uns &#8211; den gebundenen Ganztag &#8211; aus?<\/u><\/strong><\/p>\n\n\n\n<ul class=\"wp-block-list\">\n<li><strong>Flexible Gestaltung des Schulalltags<\/strong><\/li>\n<\/ul>\n\n\n\n<p><strong>Schule bis um 15:30 Uhr? Das klingt erst mal sehr lange und anstrengend, aber hier hei\u00dft das Zauberwort: <em>Rhythmisierung.<\/em><\/strong><\/p>\n\n\n\n<p>Nat\u00fcrlich gibt es auch bei uns den \u00fcblichen Stundenplan, mit dem alle erforderlichen F\u00e4cher und Stunden abgedeckt werden. Zus\u00e4tzlich stehen jeder Klasse \u00dcbungs- und Vertiefungsstunden zu. Um allen Kindern gerecht werden zu k\u00f6nnen, sind die Ganztagsklassen vom 45-Minuten-Rhythmus losgel\u00f6st und gestalten die Vor- und Nachmittage nach individuellen Bed\u00fcrfnissen. Lern-, Erholungs- und Wiederholungsphasen wechseln sich ab.<\/p>\n\n\n\n<p>Die Pausenzeiten sind f\u00fcr alle Klassen gleich, so dass auch Kontakte zu anderen Klassen gekn\u00fcpft werden k\u00f6nnen. Die Pausen finden auf dem Pausenhof statt. Dort bieten ein Sportplatz, ein Spielplatz aber auch einige Spielsachen einen gro\u00dfen Spa\u00dffaktor.<\/p>\n\n\n\n<p>Auch hier kommt uns die flexible Tagesgestaltung zugute, denn auch Pausenzeiten k\u00f6nnen innerhalb des Unterrichts nach Bedarf variiert werden.<\/p>\n\n\n\n<p>F\u00fcr alle Phasen unseres Tages bieten verschiedene R\u00e4ume die optimale Unterst\u00fctzung bei der individuellen Tagesgestaltung. So k\u00f6nnen wir zus\u00e4tzlich zum Klassenzimmer die Gruppenr\u00e4ume, unsere sehr beliebte Chill-Area oder aber auch das Spiel- und Lesezimmer als Lern- und Erholungsorte nutzen.<\/p>\n\n\n\n<figure class=\"wp-block-gallery has-nested-images columns-default is-cropped wp-block-gallery-1 is-layout-flex wp-block-gallery-is-layout-flex\">\n<figure class=\"wp-block-image size-large\"><a href=\"http:\/\/grundschule-muehldorf.de\/wp-content\/uploads\/2022\/10\/Klassenzimmer2.jpg\"><img loading=\"lazy\" decoding=\"async\" width=\"1000\" height=\"667\" data-id=\"6105\" src=\"http:\/\/grundschule-muehldorf.de\/wp-content\/uploads\/2022\/10\/Klassenzimmer2.jpg\" alt=\"\" class=\"wp-image-6105\" srcset=\"http:\/\/grundschule-muehldorf.de\/wp-content\/uploads\/2022\/10\/Klassenzimmer2.jpg 1000w, http:\/\/grundschule-muehldorf.de\/wp-content\/uploads\/2022\/10\/Klassenzimmer2-300x200.jpg 300w, http:\/\/grundschule-muehldorf.de\/wp-content\/uploads\/2022\/10\/Klassenzimmer2-768x512.jpg 768w\" sizes=\"auto, (max-width: 1000px) 100vw, 1000px\" \/><\/a><\/figure>\n\n\n\n<figure class=\"wp-block-image size-large\"><a href=\"http:\/\/grundschule-muehldorf.de\/wp-content\/uploads\/2022\/10\/Klassenzimmer1.jpg\"><img loading=\"lazy\" decoding=\"async\" width=\"1000\" height=\"667\" data-id=\"6104\" src=\"http:\/\/grundschule-muehldorf.de\/wp-content\/uploads\/2022\/10\/Klassenzimmer1.jpg\" alt=\"\" class=\"wp-image-6104\" srcset=\"http:\/\/grundschule-muehldorf.de\/wp-content\/uploads\/2022\/10\/Klassenzimmer1.jpg 1000w, http:\/\/grundschule-muehldorf.de\/wp-content\/uploads\/2022\/10\/Klassenzimmer1-300x200.jpg 300w, http:\/\/grundschule-muehldorf.de\/wp-content\/uploads\/2022\/10\/Klassenzimmer1-768x512.jpg 768w\" sizes=\"auto, (max-width: 1000px) 100vw, 1000px\" \/><\/a><\/figure>\n\n\n\n<figure class=\"wp-block-image size-large\"><a href=\"http:\/\/grundschule-muehldorf.de\/wp-content\/uploads\/2022\/10\/Chillecke2.jpg\"><img loading=\"lazy\" decoding=\"async\" width=\"1000\" height=\"667\" data-id=\"6106\" src=\"http:\/\/grundschule-muehldorf.de\/wp-content\/uploads\/2022\/10\/Chillecke2.jpg\" alt=\"\" class=\"wp-image-6106\" srcset=\"http:\/\/grundschule-muehldorf.de\/wp-content\/uploads\/2022\/10\/Chillecke2.jpg 1000w, http:\/\/grundschule-muehldorf.de\/wp-content\/uploads\/2022\/10\/Chillecke2-300x200.jpg 300w, http:\/\/grundschule-muehldorf.de\/wp-content\/uploads\/2022\/10\/Chillecke2-768x512.jpg 768w\" sizes=\"auto, (max-width: 1000px) 100vw, 1000px\" \/><\/a><\/figure>\n<\/figure>\n\n\n\n<ul class=\"wp-block-list\">\n<li><strong>(Fast) keine Hausaufgaben<\/strong><\/li>\n<\/ul>\n\n\n\n<p>Keine Hausaufgaben &#8211; das l\u00e4sst alle Kinderherzen h\u00f6her schlagen. Schriftliche Aufgaben und auch der Gro\u00dfteil von m\u00fcndlichen \u00dcbungen werden bereits in der Schule erledigt. Selbstverst\u00e4ndlich ist aber zum Beispiel das t\u00e4gliche \u00dcben von Lesen und Rechnen zuhause unbedingt notwendig, um erfolgreich durch die Grundschulzeit zu kommen. Am Freitag bekommen die Kinder auch schriftliche Hausaufgaben zur Erledigung \u00fcber das Wochenende.<\/p>\n\n\n\n<ul class=\"wp-block-list\">\n<li><strong>Gemeinsames Mittagessen<\/strong><\/li>\n<\/ul>\n\n\n\n<p><strong><em>Wenn wir beieinander sitzen, nicht mehr durch das Zimmer flitzen, schnuppern wir die Mittagszeit und die Teller steh\u2019n bereit \u2026<\/em><\/strong><\/p>\n\n\n\n<p>So startet jedes Mittagessen der Ganztagsklassen. Dieses gemeinsame Ritual bringt Ruhe und Struktur in die etwas andere, gemeinsam verbrachte Zeit. Meist verbringt die Klassenlehrkraft das Mittagessen mit den Kindern.<\/p>\n\n\n\n<p>Das Mittagessen bietet viele Rituale und M\u00f6glichkeiten, aber auch Lerninhalte f\u00fcr die Kinder.<\/p>\n\n\n\n<p>Beim Mittagessen legen wir besonderen Wert auf Ruhe, Tischmanieren, respektvollen Umgang mit Nahrungsmitteln aber auch Selbstst\u00e4ndigkeit beim Holen und Aufr\u00e4umen von Besteck, Tellern und den Speisen.<\/p>\n\n\n\n<p>Der Speiseplan wird zu einem Teil von den Kindern mitbestimmt. Die Kinder k\u00f6nnen immer wieder mitteilen, wie das Essen geschmeckt hat. Anhand dieser Information wird der Speiseplan variiert und auf die Geschm\u00e4cker der Kinder abgestimmt. Trotzdem wird auf gesunde und ausgewogene Mahlzeiten geachtet. Aber auch Pfannkuchen mit Nutella oder Kaiserschmarrn stehen immer wieder auf dem Speiseplan.<\/p>\n\n\n\n<p>Die R\u00e4ume f\u00fcr unser Mittagessen sind zu jeder Jahreszeit passend dekoriert und im Sommer bieten ein paar B\u00e4nke und Tische mit Sonnenschirmen ebenfalls einen paradiesischen Ort zum Mittagessen mit Freunden.<\/p>\n\n\n\n<figure class=\"wp-block-gallery has-nested-images columns-default is-cropped wp-block-gallery-2 is-layout-flex wp-block-gallery-is-layout-flex\">\n<figure class=\"wp-block-image size-large\"><a href=\"http:\/\/grundschule-muehldorf.de\/wp-content\/uploads\/2022\/10\/221019_Mensa_01.jpg\"><img loading=\"lazy\" decoding=\"async\" width=\"1000\" height=\"667\" data-id=\"6160\" src=\"http:\/\/grundschule-muehldorf.de\/wp-content\/uploads\/2022\/10\/221019_Mensa_01.jpg\" alt=\"\" class=\"wp-image-6160\" srcset=\"http:\/\/grundschule-muehldorf.de\/wp-content\/uploads\/2022\/10\/221019_Mensa_01.jpg 1000w, http:\/\/grundschule-muehldorf.de\/wp-content\/uploads\/2022\/10\/221019_Mensa_01-300x200.jpg 300w, http:\/\/grundschule-muehldorf.de\/wp-content\/uploads\/2022\/10\/221019_Mensa_01-768x512.jpg 768w\" sizes=\"auto, (max-width: 1000px) 100vw, 1000px\" \/><\/a><\/figure>\n\n\n\n<figure class=\"wp-block-image size-large\"><a href=\"http:\/\/grundschule-muehldorf.de\/wp-content\/uploads\/2022\/10\/221019_Mensa_02.jpg\"><img loading=\"lazy\" decoding=\"async\" width=\"1000\" height=\"667\" data-id=\"6161\" src=\"http:\/\/grundschule-muehldorf.de\/wp-content\/uploads\/2022\/10\/221019_Mensa_02.jpg\" alt=\"\" class=\"wp-image-6161\" srcset=\"http:\/\/grundschule-muehldorf.de\/wp-content\/uploads\/2022\/10\/221019_Mensa_02.jpg 1000w, http:\/\/grundschule-muehldorf.de\/wp-content\/uploads\/2022\/10\/221019_Mensa_02-300x200.jpg 300w, http:\/\/grundschule-muehldorf.de\/wp-content\/uploads\/2022\/10\/221019_Mensa_02-768x512.jpg 768w\" sizes=\"auto, (max-width: 1000px) 100vw, 1000px\" \/><\/a><\/figure>\n\n\n\n<figure class=\"wp-block-image size-large\"><a href=\"http:\/\/grundschule-muehldorf.de\/wp-content\/uploads\/2022\/10\/221019_Mensa_03.jpg\"><img loading=\"lazy\" decoding=\"async\" width=\"1000\" height=\"667\" data-id=\"6162\" src=\"http:\/\/grundschule-muehldorf.de\/wp-content\/uploads\/2022\/10\/221019_Mensa_03.jpg\" alt=\"\" class=\"wp-image-6162\" srcset=\"http:\/\/grundschule-muehldorf.de\/wp-content\/uploads\/2022\/10\/221019_Mensa_03.jpg 1000w, http:\/\/grundschule-muehldorf.de\/wp-content\/uploads\/2022\/10\/221019_Mensa_03-300x200.jpg 300w, http:\/\/grundschule-muehldorf.de\/wp-content\/uploads\/2022\/10\/221019_Mensa_03-768x512.jpg 768w\" sizes=\"auto, (max-width: 1000px) 100vw, 1000px\" \/><\/a><\/figure>\n<\/figure>\n\n\n\n<ul class=\"wp-block-list\">\n<li><strong>Vielf\u00e4ltige Freizeitangebote<\/strong><\/li>\n<\/ul>\n\n\n\n<p><strong>Sport, Kunst, Musik und Kultur &#8211; all das kommt auf keinen Fall zu kurz.<\/strong><\/p>\n\n\n\n<p>Im Rahmen des gebundenen Ganztages k\u00f6nnen wir den Kindern verschiedene Freizeitgestaltungen anbieten. Dies ist nat\u00fcrlich wichtig, da die Kinder viel Zeit in der Schule verbringen und die Schule somit nicht nur <strong>Lern- sondern auch Lebensraum<\/strong> f\u00fcr die Kinder ist.<\/p>\n\n\n\n<p>Damit also auch die Freizeit nicht zu kurz kommt, gibt es f\u00fcr die Kinder folgende Freizeitangebote im Rahmen von Arbeitsgemeinschaften (AG):<\/p>\n\n\n\n<p><strong>AG Trommeln<\/strong><\/p>\n\n\n\n<p><strong>AG Entspannung und Yoga<\/strong><\/p>\n\n\n\n<p><strong>AG Boomwhacker<\/strong><\/p>\n\n\n\n<p><strong>AG Museum<\/strong><\/p>\n\n\n\n<p><strong>AG Kunst <\/strong><strong><\/strong><\/p>\n\n\n\n<p>Zu den AG-Stunden, die f\u00fcr jede Klasse ein fester Bestandteil im Stundenplan sind, bietet der gebundene Ganztag nat\u00fcrlich auch mehr Zeit f\u00fcr au\u00dferschulische Aktivit\u00e4ten. Diese sind zum Beispiel:<\/p>\n\n\n\n<p><strong>Reiten<\/strong><\/p>\n\n\n\n<p>Jeweils drei Nachmittage durften die Sch\u00fcler der Ganztagsklassen mit dem Bus zum Reiten nach Ecksberg fahren. Zuerst holten sie die Pferde aus dem Stall, striegelten sie und kratzten die Hufe aus. Dann konnten die Kinder mit Hilfe der Betreuerinnen probieren, auf den Pferden zu sitzen oder sich auf sie legen. Am Ende durften die Kinder sogar mit ihnen ausreiten. Zum Schluss jeder Stunde bekamen die Pferde etwas Futter zu fressen und dann wurden sie wieder zur\u00fcck in den Stall gef\u00fchrt. Die Zeit bei den Pferden verging immer viel zu schnell!<\/p>\n\n\n\n<figure class=\"wp-block-gallery has-nested-images columns-default is-cropped wp-block-gallery-3 is-layout-flex wp-block-gallery-is-layout-flex\">\n<figure class=\"wp-block-image size-large\"><a href=\"http:\/\/grundschule-muehldorf.de\/wp-content\/uploads\/2018\/07\/180703_2gReiten_02.jpg\"><img loading=\"lazy\" decoding=\"async\" width=\"1000\" height=\"667\" data-id=\"2007\" src=\"http:\/\/grundschule-muehldorf.de\/wp-content\/uploads\/2018\/07\/180703_2gReiten_02.jpg\" alt=\"\" class=\"wp-image-2007\" srcset=\"http:\/\/grundschule-muehldorf.de\/wp-content\/uploads\/2018\/07\/180703_2gReiten_02.jpg 1000w, http:\/\/grundschule-muehldorf.de\/wp-content\/uploads\/2018\/07\/180703_2gReiten_02-300x200.jpg 300w, http:\/\/grundschule-muehldorf.de\/wp-content\/uploads\/2018\/07\/180703_2gReiten_02-768x512.jpg 768w, http:\/\/grundschule-muehldorf.de\/wp-content\/uploads\/2018\/07\/180703_2gReiten_02-360x240.jpg 360w\" sizes=\"auto, (max-width: 1000px) 100vw, 1000px\" \/><\/a><\/figure>\n\n\n\n<figure class=\"wp-block-image size-large\"><a href=\"http:\/\/grundschule-muehldorf.de\/wp-content\/uploads\/2021\/07\/210703_1g2gReiten_02.jpg\"><img loading=\"lazy\" decoding=\"async\" width=\"1000\" height=\"667\" data-id=\"4938\" src=\"http:\/\/grundschule-muehldorf.de\/wp-content\/uploads\/2021\/07\/210703_1g2gReiten_02.jpg\" alt=\"\" class=\"wp-image-4938\" srcset=\"http:\/\/grundschule-muehldorf.de\/wp-content\/uploads\/2021\/07\/210703_1g2gReiten_02.jpg 1000w, http:\/\/grundschule-muehldorf.de\/wp-content\/uploads\/2021\/07\/210703_1g2gReiten_02-300x200.jpg 300w, http:\/\/grundschule-muehldorf.de\/wp-content\/uploads\/2021\/07\/210703_1g2gReiten_02-768x512.jpg 768w, http:\/\/grundschule-muehldorf.de\/wp-content\/uploads\/2021\/07\/210703_1g2gReiten_02-360x240.jpg 360w\" sizes=\"auto, (max-width: 1000px) 100vw, 1000px\" \/><\/a><\/figure>\n\n\n\n<figure class=\"wp-block-image size-large\"><a href=\"http:\/\/grundschule-muehldorf.de\/wp-content\/uploads\/2018\/07\/180703_2gReiten_01.jpg\"><img loading=\"lazy\" decoding=\"async\" width=\"1000\" height=\"667\" data-id=\"2006\" src=\"http:\/\/grundschule-muehldorf.de\/wp-content\/uploads\/2018\/07\/180703_2gReiten_01.jpg\" alt=\"\" class=\"wp-image-2006\" srcset=\"http:\/\/grundschule-muehldorf.de\/wp-content\/uploads\/2018\/07\/180703_2gReiten_01.jpg 1000w, http:\/\/grundschule-muehldorf.de\/wp-content\/uploads\/2018\/07\/180703_2gReiten_01-300x200.jpg 300w, http:\/\/grundschule-muehldorf.de\/wp-content\/uploads\/2018\/07\/180703_2gReiten_01-768x512.jpg 768w, http:\/\/grundschule-muehldorf.de\/wp-content\/uploads\/2018\/07\/180703_2gReiten_01-360x240.jpg 360w\" sizes=\"auto, (max-width: 1000px) 100vw, 1000px\" \/><\/a><\/figure>\n<\/figure>\n\n\n\n<p><strong>Schullandheimaufenthalte<\/strong><\/p>\n\n\n\n<p>Im Schuljahr 2021\/2022 fuhren die Klassen 2g, 3g, 4g und 4h gemeinsam ins Schullandheim nach Passau. Dort war einiges geboten. Die Jugendherberge bot viele M\u00f6glichkeiten f\u00fcr Spiel und Spa\u00df, aber nat\u00fcrlich wurde auch die Stadt Passau mit einer Bootsfahrt und einer Stadtf\u00fchrung mit dem Stadtfuchs erkundet.<\/p>\n\n\n\n<figure class=\"wp-block-gallery has-nested-images columns-default is-cropped wp-block-gallery-4 is-layout-flex wp-block-gallery-is-layout-flex\">\n<figure class=\"wp-block-image size-large\"><a href=\"http:\/\/grundschule-muehldorf.de\/wp-content\/uploads\/2022\/10\/Schullandheim1.jpg\"><img loading=\"lazy\" decoding=\"async\" width=\"1000\" height=\"667\" data-id=\"6126\" src=\"http:\/\/grundschule-muehldorf.de\/wp-content\/uploads\/2022\/10\/Schullandheim1.jpg\" alt=\"\" class=\"wp-image-6126\" srcset=\"http:\/\/grundschule-muehldorf.de\/wp-content\/uploads\/2022\/10\/Schullandheim1.jpg 1000w, http:\/\/grundschule-muehldorf.de\/wp-content\/uploads\/2022\/10\/Schullandheim1-300x200.jpg 300w, http:\/\/grundschule-muehldorf.de\/wp-content\/uploads\/2022\/10\/Schullandheim1-768x512.jpg 768w\" sizes=\"auto, (max-width: 1000px) 100vw, 1000px\" \/><\/a><\/figure>\n\n\n\n<figure class=\"wp-block-image size-large\"><a href=\"http:\/\/grundschule-muehldorf.de\/wp-content\/uploads\/2022\/10\/Schullandheim2.jpg\"><img loading=\"lazy\" decoding=\"async\" width=\"1000\" height=\"667\" data-id=\"6125\" src=\"http:\/\/grundschule-muehldorf.de\/wp-content\/uploads\/2022\/10\/Schullandheim2.jpg\" alt=\"\" class=\"wp-image-6125\" srcset=\"http:\/\/grundschule-muehldorf.de\/wp-content\/uploads\/2022\/10\/Schullandheim2.jpg 1000w, http:\/\/grundschule-muehldorf.de\/wp-content\/uploads\/2022\/10\/Schullandheim2-300x200.jpg 300w, http:\/\/grundschule-muehldorf.de\/wp-content\/uploads\/2022\/10\/Schullandheim2-768x512.jpg 768w\" sizes=\"auto, (max-width: 1000px) 100vw, 1000px\" \/><\/a><\/figure>\n\n\n\n<figure class=\"wp-block-image size-large\"><a href=\"http:\/\/grundschule-muehldorf.de\/wp-content\/uploads\/2022\/10\/Schullandheim3.jpg\"><img loading=\"lazy\" decoding=\"async\" width=\"1000\" height=\"667\" data-id=\"6124\" src=\"http:\/\/grundschule-muehldorf.de\/wp-content\/uploads\/2022\/10\/Schullandheim3.jpg\" alt=\"\" class=\"wp-image-6124\" srcset=\"http:\/\/grundschule-muehldorf.de\/wp-content\/uploads\/2022\/10\/Schullandheim3.jpg 1000w, http:\/\/grundschule-muehldorf.de\/wp-content\/uploads\/2022\/10\/Schullandheim3-300x200.jpg 300w, http:\/\/grundschule-muehldorf.de\/wp-content\/uploads\/2022\/10\/Schullandheim3-768x512.jpg 768w\" sizes=\"auto, (max-width: 1000px) 100vw, 1000px\" \/><\/a><\/figure>\n<\/figure>\n\n\n\n<p><strong>Beispiele f\u00fcr Unterrichtsg\u00e4nge und Projekte<\/strong><\/p>\n\n\n\n<p><em>Mit dem F\u00f6rster im Wald<\/em><\/p>\n\n\n\n<figure class=\"wp-block-image size-medium\"><a href=\"http:\/\/grundschule-muehldorf.de\/wp-content\/uploads\/2022\/10\/Wald1.jpg\"><img loading=\"lazy\" decoding=\"async\" width=\"300\" height=\"200\" src=\"http:\/\/grundschule-muehldorf.de\/wp-content\/uploads\/2022\/10\/Wald1-300x200.jpg\" alt=\"\" class=\"wp-image-6117\" srcset=\"http:\/\/grundschule-muehldorf.de\/wp-content\/uploads\/2022\/10\/Wald1-300x200.jpg 300w, http:\/\/grundschule-muehldorf.de\/wp-content\/uploads\/2022\/10\/Wald1-768x512.jpg 768w, http:\/\/grundschule-muehldorf.de\/wp-content\/uploads\/2022\/10\/Wald1.jpg 1000w\" sizes=\"auto, (max-width: 300px) 100vw, 300px\" \/><\/a><\/figure>\n\n\n\n<p><em>Bienenprojekt<\/em><\/p>\n\n\n\n<p>Im Schuljahr 2021\/2022 zogen unsere Schulbienen ein. Gemeinsam mit dem Hort betreuten die vierten Klassen die Bienen, legten ihren Lebensraum an und bereiteten L\u00f6wenzahnhonig zu. Au\u00dferdem lernten wir in HSU alles rund um die Biene.<\/p>\n\n\n\n<figure class=\"wp-block-gallery has-nested-images columns-default is-cropped wp-block-gallery-5 is-layout-flex wp-block-gallery-is-layout-flex\">\n<figure class=\"wp-block-image size-large\"><a href=\"http:\/\/grundschule-muehldorf.de\/wp-content\/uploads\/2022\/05\/220325_Bienen_01.jpg\"><img loading=\"lazy\" decoding=\"async\" width=\"1000\" height=\"667\" data-id=\"5644\" src=\"http:\/\/grundschule-muehldorf.de\/wp-content\/uploads\/2022\/05\/220325_Bienen_01.jpg\" alt=\"\" class=\"wp-image-5644\" srcset=\"http:\/\/grundschule-muehldorf.de\/wp-content\/uploads\/2022\/05\/220325_Bienen_01.jpg 1000w, http:\/\/grundschule-muehldorf.de\/wp-content\/uploads\/2022\/05\/220325_Bienen_01-300x200.jpg 300w, http:\/\/grundschule-muehldorf.de\/wp-content\/uploads\/2022\/05\/220325_Bienen_01-768x512.jpg 768w, http:\/\/grundschule-muehldorf.de\/wp-content\/uploads\/2022\/05\/220325_Bienen_01-360x240.jpg 360w\" sizes=\"auto, (max-width: 1000px) 100vw, 1000px\" \/><\/a><\/figure>\n\n\n\n<figure class=\"wp-block-image size-large\"><a href=\"http:\/\/grundschule-muehldorf.de\/wp-content\/uploads\/2022\/05\/220504_Bienen_01.jpg\"><img loading=\"lazy\" decoding=\"async\" width=\"1000\" height=\"667\" data-id=\"5709\" src=\"http:\/\/grundschule-muehldorf.de\/wp-content\/uploads\/2022\/05\/220504_Bienen_01.jpg\" alt=\"\" class=\"wp-image-5709\" srcset=\"http:\/\/grundschule-muehldorf.de\/wp-content\/uploads\/2022\/05\/220504_Bienen_01.jpg 1000w, http:\/\/grundschule-muehldorf.de\/wp-content\/uploads\/2022\/05\/220504_Bienen_01-300x200.jpg 300w, http:\/\/grundschule-muehldorf.de\/wp-content\/uploads\/2022\/05\/220504_Bienen_01-768x512.jpg 768w, http:\/\/grundschule-muehldorf.de\/wp-content\/uploads\/2022\/05\/220504_Bienen_01-360x240.jpg 360w\" sizes=\"auto, (max-width: 1000px) 100vw, 1000px\" \/><\/a><\/figure>\n\n\n\n<figure class=\"wp-block-image size-large\"><a href=\"http:\/\/grundschule-muehldorf.de\/wp-content\/uploads\/2022\/06\/220614_Bienen_07.jpg\"><img loading=\"lazy\" decoding=\"async\" width=\"1000\" height=\"667\" data-id=\"5841\" src=\"http:\/\/grundschule-muehldorf.de\/wp-content\/uploads\/2022\/06\/220614_Bienen_07.jpg\" alt=\"\" class=\"wp-image-5841\" srcset=\"http:\/\/grundschule-muehldorf.de\/wp-content\/uploads\/2022\/06\/220614_Bienen_07.jpg 1000w, http:\/\/grundschule-muehldorf.de\/wp-content\/uploads\/2022\/06\/220614_Bienen_07-300x200.jpg 300w, http:\/\/grundschule-muehldorf.de\/wp-content\/uploads\/2022\/06\/220614_Bienen_07-768x512.jpg 768w, http:\/\/grundschule-muehldorf.de\/wp-content\/uploads\/2022\/06\/220614_Bienen_07-360x240.jpg 360w\" sizes=\"auto, (max-width: 1000px) 100vw, 1000px\" \/><\/a><\/figure>\n<\/figure>\n\n\n\n<ul class=\"wp-block-list\">\n<li><strong>P\u00e4dagogisches Fachpersonal<\/strong><\/li>\n<\/ul>\n\n\n\n<p><strong><em>\u201eNicht das Kind sollte sich der Umgebung anpassen, sondern wir sollten die Umgebung dem Kind anpassen.\u201c <\/em><\/strong>(Maria Montessori)<\/p>\n\n\n\n<p>F\u00fcr Kinder in Ganztagsklassen ist die Schule ein wichtiger Lern- und Lebensraum. Nat\u00fcrlich m\u00fcssen sich auch die Ganztagskinder an bestimmte Regeln halten und sich anpassen. Trotzdem haben wir viele unterschiedliche Kinder mit vielen unterschiedlichen Bed\u00fcrfnissen, denen wir gerecht werden wollen. Damit dies m\u00f6glich ist, haben wir Lehrkr\u00e4fte im Ganztag Unterst\u00fctzung von gro\u00dfartigem, p\u00e4dagogischem Fachpersonal. Dieses hilft uns sowohl im Unterricht, als auch bei sozialen Themen und steht den Kindern mit Rat und Tat zur Seite.<\/p>\n\n\n\n<p><strong>Unterst\u00fctzung bieten uns:<\/strong><\/p>\n\n\n\n<p><strong>Kathrin Kempner &#8211; Jugendsozialp\u00e4<\/strong><strong>dagogin<\/strong><strong> (JaS = Jugendsozialarbeit an Schulen):<\/strong><\/p>\n\n\n\n<p>Die Arbeit der JaS ist ein Angebot des Amts f\u00fcr Jugend und Familie des Landratsamts M\u00fchldorf am Inn. Wir sind f\u00fcr alle Sch\u00fclerinnen und Sch\u00fcler der Grundschule da. Gerne unterst\u00fctzen wir aber auch Eltern, Erziehungsberechtigte und die Lehrkr\u00e4fte der Schule.<\/p>\n\n\n\n<p><strong>Was macht JaS?<\/strong><strong><\/strong><\/p>\n\n\n\n<p>&#8222;<em>Wir unterst\u00fctzen die Kinder bei schulischen Problemen, Konflikten und Streit. Wir beraten Eltern bei allen Schwierigkeiten rund um die Schule oder bei Fragen zur Erziehung. Generell bieten wir Sozialtrainings in den Klassen an, um zum Beispiel gewaltfreie Kommunikation zu trainieren oder soziale Kompetenzen zu steigern.<\/em><\/p>\n\n\n\n<p><em>Selbstverst\u00e4ndlich gilt bei uns das Gebot der Schweigepflicht. Alles wird vertraulich behandelt und nicht weitergegeben.<\/em>&#8222;<\/p>\n\n\n\n<p><strong>Anja Gruber &#8211; Erzieherin und Entspannungsp\u00e4dagogin<\/strong><\/p>\n\n\n\n<p><em>&#8222;Mein Aufgabenfeld im Ganztagesbereich liegt haupts\u00e4chlich auf der Differenzierung in den Klassen und der F\u00f6rderung der Kinder, sowie im Unterrichten einzelner Stunden oder als Vertretung bei Ausf\u00e4llen.<\/em><\/p>\n\n\n\n<p><em>In den Ganztagesklassen bin ich in begleitender Funktion f\u00fcr die Sch\u00fcler w\u00e4hrend des Unterrichts und auch f\u00fcr die jeweiligen Lehrkr\u00e4fte in unterst\u00fctzender Hinsicht da. Ausf\u00fchrlich Zeit nehme ich mir f\u00fcr einzelne Kinder, die Unterst\u00fctzung ben\u00f6tigen. Wenn es sich anbietet, ein gewisses Unterrichtsthema in der Kleingruppe zu erarbeiten, besteht zudem die M\u00f6glichkeit, die Klasse aufzuteilen. Bei Projekten und Exkursionen begleite ich die Klassen. Stehen geplante Aktivit\u00e4ten und Aktionen an, helfe ich bei der Planung sowie Organisation und der Durchf\u00fchrung. Zum Teil gehe ich an festen Tagen mit den Kindern zum Mittagessen.<\/em><\/p>\n\n\n\n<p><em>Neuank\u00f6mmlingen helfe ich bei der Orientierung und begleite sie vor allem w\u00e4hrend der Ankommensphase, damit sie eine Erleichterung im neuen Umfeld haben.<\/em><\/p>\n\n\n\n<p><em>W\u00f6chentlich kommen zu mir Kinder aller Jahrgangsstufen mit Migrationshintergrund in die Deutschf\u00f6rderung. Hier lernen die Kinder die Grundlage der deutschen Sprache sowie der deutschen Schrift durch Aufgaben und \u00dcbungen zum H\u00f6ren, Sprechen, Lesen und Schreiben.<\/em><\/p>\n\n\n\n<p><em>Ein weiteres Augenmerk liegt auch auf meiner Arbeit als Entspannungsp\u00e4dagogin. Je nach Bedarf k\u00f6nnen die Kinder Entspannung durch Kinderyoga oder Fantasiereisen erfahren.&#8220;<\/em><\/p>\n\n\n\n<p><strong>FSJ &#8211; Freiwilliges Soziales Jahr<\/strong><\/p>\n\n\n\n<p>Wir freuen uns jedes Jahr \u00fcber eine tolle Zusammenarbeit mit dem TSV M\u00fchldorf. Meist leisten zwei junge Menschen ihr Freiwilliges Soziales Jahr dort ab und verbringen dazu auch einige Stunden in der Grundschule. Sowohl das sportliche Talent als auch die Unterst\u00fctzung im Unterricht sind f\u00fcr die Lehrkr\u00e4fte aber vor allem f\u00fcr die Sch\u00fcler eine tolle Abwechslung.<\/p>\n\n\n\n<p class=\"has-white-color has-text-color has-background\" style=\"background-color:#3b8dbd\"><strong><u>Diese Chancen bietet der gebundene Ganztag f\u00fcr die Kinder<\/u><\/strong><\/p>\n\n\n\n<p><strong><em>&#8222;Wie die Welt von morgen aussehen wird, h\u00e4ngt in gro\u00dfem Ma\u00df von der Einbildungskraft derer ab, die gerade jetzt lesen lernen.\u201c <\/em><\/strong>(Astrid Lindgren)<\/p>\n\n\n\n<p>Lesen, schreiben und rechnen lernen alle Kinder in der Grundschule. Aber auch soziale Aspekte wie Freundschaften kn\u00fcpfen, streiten und sich wieder vertragen oder eigene Probleme l\u00f6sen, all das geh\u00f6rt zur Grundschulzeit f\u00fcr alle Kinder dazu.<\/p>\n\n\n\n<p>Der gebundene Ganztag bietet zahlreiche Chancen und M\u00f6glichkeiten f\u00fcr die Kinder.<\/p>\n\n\n\n<p><strong>Die Chancen des Ganztags sind:<\/strong><\/p>\n\n\n\n<ul class=\"wp-block-list\">\n<li><strong>Individuelle Entwicklungs- und Entfaltungsm\u00f6glichkeiten<br><\/strong>Interessen finden und ausprobieren, das Lernen lernen, im eigenen Tempo lernen und \u00fcben, \u2026<\/li>\n<\/ul>\n\n\n\n<ul class=\"wp-block-list\">\n<li><strong>F\u00f6rderung der sozialen Kompetenz<br><\/strong>Mehr gemeinsame Zeit hei\u00dft auch mehr Zeit f\u00fcr Freundschaften oder aber manchmal auch Streit und Probleme. Mehr gemeinsame Zeit hei\u00dft aber auch mehr Zeit f\u00fcr das Finden von L\u00f6sungsans\u00e4tzen, sich wieder vertragen und das Miteinander sch\u00e4tzen.<\/li>\n<\/ul>\n\n\n\n<ul class=\"wp-block-list\">\n<li><strong>Selbst\u00e4ndigkeit und Selbstorganisation<br><\/strong>Beim Mittagessen den Tisch decken, sich selbst Essen und Trinken holen oder aber sich selbst im Schulalltag organisieren, Zeiten sinnvoll einteilen und nutzen.<\/li>\n<\/ul>\n\n\n\n<p class=\"has-white-color has-text-color has-background\" style=\"background-color:#3b8dbd\"><strong><u>Das sollten Sie noch wissen<\/u><\/strong><\/p>\n\n\n\n<p><strong>Schulzeiten<\/strong><\/p>\n\n\n\n<p>Der Unterrichtsbeginn ist f\u00fcr alle Klassen an der Grundschule in M\u00fchldorf (Stadtschule) gleich. Die Schule beginnt um 7:50 Uhr.<\/p>\n\n\n\n<p>Unterrichtsende f\u00fcr alle Ganztagesklassen ist von Montag bis Donnerstag um 15:30 Uhr. Am Freitag endet der Unterricht um 12:10 Uhr.<\/p>\n\n\n\n<p><strong>Kosten<\/strong><\/p>\n\n\n\n<p>Der gebundene Ganztag ist kostenlos. Freizeitaktivit\u00e4ten sowie das Personal werden vom Freistaat Bayern und der Stadt M\u00fchldorf finanziert.<\/p>\n\n\n\n<p>F\u00fcr Sie entstehen Kosten in H\u00f6he von 65\u20ac f\u00fcr das verbindliche Mittagessen. Die Bezahlung erfolgt nicht an die Schule, sondern direkt an Frau Marrazzo, die f\u00fcr die Verpflegung der Kinder zust\u00e4ndig ist.<\/p>\n\n\n\n<p><strong>Bus<\/strong><\/p>\n\n\n\n<p>F\u00fcr alle Kinder, die mit dem Bus zur Schule kommen und wieder nach Hause fahren, gibt es auch am Nachmittag eine Bef\u00f6rderungsm\u00f6glichkeit.<\/p>\n\n\n\n<p><strong>Wie kommt Ihr Kind in eine Ganztagsklasse?<\/strong><strong><\/strong><\/p>\n\n\n\n<p>Wir ermitteln j\u00e4hrlich den Bedarf an Ganztagspl\u00e4tzen. Interessierte Eltern erhalten ein Antragsformular. Liegt dieses ausgef\u00fcllt der Schulleitung vor, so ergeht nach \u00dcberpr\u00fcfung der Aufnahmem\u00f6glichkeiten ein Antwortschreiben an die Eltern.<\/p>\n\n\n\n<p class=\"has-text-align-center has-white-color has-text-color has-background\" style=\"background-color:#3b8dbd\"><strong>Ansprechpartner<\/strong><\/p>\n\n\n\n<figure class=\"wp-block-table is-style-stripes\"><table><tbody><tr><td><img loading=\"lazy\" decoding=\"async\" width=\"150\" height=\"225\" class=\"wp-image-7640\" style=\"width: 150px;\" src=\"http:\/\/grundschule-muehldorf.de\/wp-content\/uploads\/2024\/09\/A7304377-1-scaled.jpg\" alt=\"\" srcset=\"http:\/\/grundschule-muehldorf.de\/wp-content\/uploads\/2024\/09\/A7304377-1-scaled.jpg 1707w, http:\/\/grundschule-muehldorf.de\/wp-content\/uploads\/2024\/09\/A7304377-1-200x300.jpg 200w, http:\/\/grundschule-muehldorf.de\/wp-content\/uploads\/2024\/09\/A7304377-1-683x1024.jpg 683w, http:\/\/grundschule-muehldorf.de\/wp-content\/uploads\/2024\/09\/A7304377-1-768x1152.jpg 768w, http:\/\/grundschule-muehldorf.de\/wp-content\/uploads\/2024\/09\/A7304377-1-1024x1536.jpg 1024w, http:\/\/grundschule-muehldorf.de\/wp-content\/uploads\/2024\/09\/A7304377-1-1365x2048.jpg 1365w\" sizes=\"auto, (max-width: 150px) 100vw, 150px\" \/><\/td><td><strong>Cornelia B\u00f6cklbauer<\/strong><br>Koordinatorin Ganztagesklassen<\/td><td><a href=\"mailto:cornelia.boecklbauer@schule.bayern.de\"><img loading=\"lazy\" decoding=\"async\" width=\"20\" height=\"16\" class=\"wp-image-35\" style=\"width: 20px;\" src=\"http:\/\/grundschule-muehldorf.de\/wp-content\/uploads\/2016\/04\/Mail.jpg\" alt=\"\"><\/a><\/td><\/tr><\/tbody><\/table><\/figure>\n\n\n\n<p class=\"has-text-align-center has-white-color has-text-color has-background\" style=\"background-color:#3b8dbd\"><strong>Dokumente<\/strong><\/p>\n\n\n\n<div class=\"wp-block-file\"><a id=\"wp-block-file--media-a2156722-77bf-46ca-9db9-6e43bfb44458\" href=\"http:\/\/grundschule-muehldorf.de\/wp-content\/uploads\/2026\/01\/Antrag-auf-Aufnahme-in-die-Ganztagsklasse-26-27.pdf\">Antrag auf Aufnahme in die Ganztagsklasse 26-27<\/a><a href=\"http:\/\/grundschule-muehldorf.de\/wp-content\/uploads\/2026\/01\/Antrag-auf-Aufnahme-in-die-Ganztagsklasse-26-27.pdf\" class=\"wp-block-file__button wp-element-button\" download aria-describedby=\"wp-block-file--media-a2156722-77bf-46ca-9db9-6e43bfb44458\">Herunterladen<\/a><\/div>\n\n\n\n<div class=\"wp-block-file\"><a id=\"wp-block-file--media-16eba15a-02af-4424-bead-5a8228de1e39\" href=\"http:\/\/grundschule-muehldorf.de\/wp-content\/uploads\/2025\/09\/Anmeldung-Mittagessen-GTK-2025-2026.docx\">Anmeldung Mittagessen GTK 2025 2026<\/a><a href=\"http:\/\/grundschule-muehldorf.de\/wp-content\/uploads\/2025\/09\/Anmeldung-Mittagessen-GTK-2025-2026.docx\" class=\"wp-block-file__button wp-element-button\" download aria-describedby=\"wp-block-file--media-16eba15a-02af-4424-bead-5a8228de1e39\">Herunterladen<\/a><\/div>\n\n\n","protected":false},"excerpt":{"rendered":"<p>Tolle und vielf\u00e4ltige Freizeitm\u00f6glichkeiten, gemeinsames Mittagessen, (fast) keine Hausaufgaben und jede Menge Zeit zum von- und miteinander Lernen. Das sind wir: Der gebundene Ganztag der Grundschule M\u00fchldorf. Den gebundenen Ganztag gibt es an unserer&#46;&#46;&#46;<\/p>\n","protected":false},"author":1,"featured_media":0,"parent":0,"menu_order":0,"comment_status":"closed","ping_status":"closed","template":"","meta":{"footnotes":""},"class_list":["post-197","page","type-page","status-publish","hentry"],"publishpress_future_action":{"enabled":false,"date":"2026-05-09 00:52:58","action":"change-status","newStatus":"draft","terms":[],"taxonomy":"","extraData":[]},"publishpress_future_workflow_manual_trigger":{"enabledWorkflows":[]},"_links":{"self":[{"href":"http:\/\/grundschule-muehldorf.de\/index.php?rest_route=\/wp\/v2\/pages\/197","targetHints":{"allow":["GET"]}}],"collection":[{"href":"http:\/\/grundschule-muehldorf.de\/index.php?rest_route=\/wp\/v2\/pages"}],"about":[{"href":"http:\/\/grundschule-muehldorf.de\/index.php?rest_route=\/wp\/v2\/types\/page"}],"author":[{"embeddable":true,"href":"http:\/\/grundschule-muehldorf.de\/index.php?rest_route=\/wp\/v2\/users\/1"}],"replies":[{"embeddable":true,"href":"http:\/\/grundschule-muehldorf.de\/index.php?rest_route=%2Fwp%2Fv2%2Fcomments&post=197"}],"version-history":[{"count":37,"href":"http:\/\/grundschule-muehldorf.de\/index.php?rest_route=\/wp\/v2\/pages\/197\/revisions"}],"predecessor-version":[{"id":8625,"href":"http:\/\/grundschule-muehldorf.de\/index.php?rest_route=\/wp\/v2\/pages\/197\/revisions\/8625"}],"wp:attachment":[{"href":"http:\/\/grundschule-muehldorf.de\/index.php?rest_route=%2Fwp%2Fv2%2Fmedia&parent=197"}],"curies":[{"name":"wp","href":"https:\/\/api.w.org\/{rel}","templated":true}]}}